{"id":435,"date":"2014-08-26T16:24:49","date_gmt":"2014-08-26T14:24:49","guid":{"rendered":"http:\/\/www.fasanenhofschule.de\/?page_id=435"},"modified":"2023-06-06T08:18:29","modified_gmt":"2023-06-06T08:18:29","slug":"schulbezogene-sozialarbeit-schubs","status":"publish","type":"page","link":"https:\/\/grundschule-fasanenhof.de\/?page_id=435","title":{"rendered":"Sozialarbeit an Grundschulstandorten in Kassel &#8222;SaG&#8220;"},"content":{"rendered":"<p>Seit M\u00e4rz 2012 setzt die Stadt Kassel an Grundschulen mit ganzt\u00e4gigen Angeboten je eine Sozialp\u00e4dagogin \/ ein Sozialp\u00e4dagoge mit 30 Stunden bzw. halber Stelle ein, um die Entwicklung des Ganztagsangebotes in enger Kooperation von Schule und Hort vor Ort konzeptionell und p\u00e4dagogisch zu unterst\u00fctzen. Ziel ist ein verzahntes System aus Bildung, Betreuung und Erziehung, also ein hochwertiges Angebot der Grundschulkindbetreuung, um die Vereinbarkeit von Beruf und Familie zu erleichtern und die Chancengerechtigekeit f\u00fcr alle Kinder zu erh\u00f6hen.<br \/>\nWie Schulen und Horte gemeinsam den &#8222;Ganztag an Grundschulstandorten&#8220; verantworten und wie diese Entwicklung durch kommunale Sozialarbeit an Grundschulstandorten konzeptionell und praktisch unterst\u00fctzt wird, zeigt anschaulich ein Begleitfilm, der im Auftrag des st\u00e4dtischen Schulverwaltungsamtes entstanden ist.<\/p>\n<p>Die SaG-Mitarbeiterin der Fasanhofschule hei\u00dft Anne Bley. Sie arbeitet seit dem 15. April 2015 im Grundschulbereich der Fasanenhofschule mit.<\/p>\n<p><em>Die Aufgaben an der Fasanenhofschule sind:<\/em><br \/>\nDen Prozess der Ganztagsschulentwicklung inhaltlich und strukturell vor allem durch die Mitarbeit in verschiedenen Arbeitskreisen und Gremien (Steuergruppe, Konferenzen, Dienstbesprechungen etc.) zu unterst\u00fctzen und bei der Planung und Organisation der Nachmittagsangebote sowie dem Ausbau bzw. der Unterst\u00fctzung der bestehenden Kommunikationswege zwischen Schule und Hort. Bei Bedarf begleitet sie Elternabende und leite Informationen gezielt weiter.<br \/>\nIm Rahmen der direkten p\u00e4dagogischen Arbeit ist sie in diesem Schuljahr in der Lernzeit der Klasse 4 eingesetzt und arbeitet\u00a0 im Nachmittagsbereich in der offenen Ganztagsschulbetreuung mit. Dar\u00fcber hinaus steht sie bei Bedarf sowohl den Kindern und Jugendlichen, als auch den LehrerInnen, ErzieherInnen oder Eltern in Konfliktsituationen oder Problemlagen beratend\/unterst\u00fctzend zur Seite.<br \/>\nDes Weiteren bietet sie Familien ihre Hilfe bei der Beantragungen von Leistungen des &#8222;Bildung-und-Teilhabe&#8220;-Pakets an.<\/p>\n<p><em>SaG-Kontakt:<\/em><br \/>\nE-Mail: anne.bley@schubs-ks.de<br \/>\nTelefonnummer: 015208944268<br \/>\nDas B\u00fcro liegt im ersten Stock, direkt neben der Bibliothek.<\/p>\n<p>N\u00e4here Informationen \u00fcber SaG erhalten Sie au\u00dferdem bei Christa Ment, der Koordinatorin der Sozialarbeit an Grundschulstandorten in Kassel im Rathaus, Zimmer H 308a, christa.ment@kassel.de; Tel 0561\/787-4099.<\/p>\n<p>&nbsp;<\/p>\n","protected":false},"excerpt":{"rendered":"<p>Seit M\u00e4rz 2012 setzt die Stadt Kassel an Grundschulen mit ganzt\u00e4gigen Angeboten je eine Sozialp\u00e4dagogin \/ ein Sozialp\u00e4dagoge mit 30 &hellip; <\/p>\n","protected":false},"author":1,"featured_media":0,"parent":0,"menu_order":0,"comment_status":"closed","ping_status":"closed","template":"","meta":{"footnotes":""},"class_list":["post-435","page","type-page","status-publish","hentry"],"_links":{"self":[{"href":"https:\/\/grundschule-fasanenhof.de\/index.php?rest_route=\/wp\/v2\/pages\/435","targetHints":{"allow":["GET"]}}],"collection":[{"href":"https:\/\/grundschule-fasanenhof.de\/index.php?rest_route=\/wp\/v2\/pages"}],"about":[{"href":"https:\/\/grundschule-fasanenhof.de\/index.php?rest_route=\/wp\/v2\/types\/page"}],"author":[{"embeddable":true,"href":"https:\/\/grundschule-fasanenhof.de\/index.php?rest_route=\/wp\/v2\/users\/1"}],"replies":[{"embeddable":true,"href":"https:\/\/grundschule-fasanenhof.de\/index.php?rest_route=%2Fwp%2Fv2%2Fcomments&post=435"}],"version-history":[{"count":1,"href":"https:\/\/grundschule-fasanenhof.de\/index.php?rest_route=\/wp\/v2\/pages\/435\/revisions"}],"predecessor-version":[{"id":3422,"href":"https:\/\/grundschule-fasanenhof.de\/index.php?rest_route=\/wp\/v2\/pages\/435\/revisions\/3422"}],"wp:attachment":[{"href":"https:\/\/grundschule-fasanenhof.de\/index.php?rest_route=%2Fwp%2Fv2%2Fmedia&parent=435"}],"curies":[{"name":"wp","href":"https:\/\/api.w.org\/{rel}","templated":true}]}}