{"id":40,"date":"2014-02-28T15:32:04","date_gmt":"2014-02-28T14:32:04","guid":{"rendered":"http:\/\/www.fasanenhofschule.de\/?page_id=40"},"modified":"2026-04-24T15:58:43","modified_gmt":"2026-04-24T15:58:43","slug":"betreuung-und-ganztag","status":"publish","type":"page","link":"https:\/\/grundschule-fasanenhof.de\/?page_id=40","title":{"rendered":"Betreuung und Ganztag"},"content":{"rendered":"<p>Seit 2016 befindet sich unsere Schule im &#8222;Pakt f\u00fcr den Nachmittag&#8220;.\u00a0Dies bedeutet, dass wir Ihnen ein Betreuungsangebot an bis zu 5 Tagen die Woche anbieten k\u00f6nnen.<span style=\"font-size: revert;\">Im Zuge des\u00a0 Ganztagsschulprozesses m\u00f6chte die Schule ihr bereits bestehendes p\u00e4dagogisches Konzept ausweiten. Angeleitete Wissens- und Lernprozesse sollen sich st\u00e4rker mit freien Spiel- und Besch\u00e4ftigungszeiten abwechseln und gegenseitig erg\u00e4nzen. Die Ausweitung des Ganztagsangebotes bildet die grundlegenden Voraussetzungen, um die p\u00e4dagogischen Zielsetzungen im besonderen Ma\u00dfe umsetzen und verwirklichen zu k\u00f6nnen. Soziale Verhaltensweisen, Selbstst\u00e4ndigkeit und Eigenverantwortung k\u00f6nnen somit verst\u00e4rkt praktiziert und einge\u00fcbt werden.<\/span><\/p>\n<ul>\n<li>Kinder haben die M\u00f6glichkeit, vielf\u00e4ltige Freizeitangebote unter gezielter Anleitung wahrzunehmen<\/li>\n<li>Sch\u00fclerInnen mit Lernschwierigkeiten erleben Erfolgserlebnisse in der Schule und erfahren diese damit als positiven Ort<\/li>\n<li>Leistungsstarke Kinder werden zus\u00e4tzlich gefordert<\/li>\n<li>Kinder identifizieren sich st\u00e4rker mit ihrer Schule, gestalten sie mit und \u00fcbernehmen Verantwortung<\/li>\n<li>Kinder erwerben Kenntnisse, F\u00e4higkeiten und Fertigkeiten aus anderen Lebensbereichen<\/li>\n<li>Das gemeinsame Mittagessen wirkt gemeinschaftsbildend<\/li>\n<\/ul>\n<p>Die\u00a0 AGen werden sowohl von KollegInnen der Schule und des Hortes, als auch von externen Honorarkr\u00e4ften durchgef\u00fchrt. Die Sch\u00fclerInnen haben zu Beginn jedes Schuljahres die M\u00f6glichkeit, sich in verschiedene Angebote einzuw\u00e4hlen.<\/p>\n\n\n<p>Im Folgenden finden Sie alle AG-Angebote f\u00fcr das 2. Schulhalbjahr 25\/26.<\/p>\n\n\n\n<div data-wp-interactive=\"core\/file\" class=\"wp-block-file\"><object data-wp-bind--hidden=\"!state.hasPdfPreview\" hidden class=\"wp-block-file__embed\" data=\"https:\/\/grundschule-fasanenhof.de\/wp-content\/uploads\/2026\/04\/AG-Plan-2.-HJ-2026.pdf\" type=\"application\/pdf\" style=\"width:100%;height:600px\" aria-label=\"Einbettung von AG Plan 2. HJ 2026.\"><\/object><a id=\"wp-block-file--media-ab674a3d-151f-4da6-9f1e-93b9d354f86c\" href=\"https:\/\/grundschule-fasanenhof.de\/wp-content\/uploads\/2026\/04\/AG-Plan-2.-HJ-2026.pdf\">AG Plan 2. HJ 2026<\/a><a href=\"https:\/\/grundschule-fasanenhof.de\/wp-content\/uploads\/2026\/04\/AG-Plan-2.-HJ-2026.pdf\" class=\"wp-block-file__button wp-element-button\" download aria-describedby=\"wp-block-file--media-ab674a3d-151f-4da6-9f1e-93b9d354f86c\">Herunterladen<\/a><\/div>\n","protected":false},"excerpt":{"rendered":"<p>Seit 2016 befindet sich unsere Schule im &#8222;Pakt f\u00fcr den Nachmittag&#8220;.\u00a0Dies bedeutet, dass wir Ihnen ein Betreuungsangebot an bis zu &hellip; <\/p>\n","protected":false},"author":1,"featured_media":0,"parent":0,"menu_order":0,"comment_status":"closed","ping_status":"closed","template":"","meta":{"footnotes":""},"class_list":["post-40","page","type-page","status-publish","hentry"],"_links":{"self":[{"href":"https:\/\/grundschule-fasanenhof.de\/index.php?rest_route=\/wp\/v2\/pages\/40","targetHints":{"allow":["GET"]}}],"collection":[{"href":"https:\/\/grundschule-fasanenhof.de\/index.php?rest_route=\/wp\/v2\/pages"}],"about":[{"href":"https:\/\/grundschule-fasanenhof.de\/index.php?rest_route=\/wp\/v2\/types\/page"}],"author":[{"embeddable":true,"href":"https:\/\/grundschule-fasanenhof.de\/index.php?rest_route=\/wp\/v2\/users\/1"}],"replies":[{"embeddable":true,"href":"https:\/\/grundschule-fasanenhof.de\/index.php?rest_route=%2Fwp%2Fv2%2Fcomments&post=40"}],"version-history":[{"count":2,"href":"https:\/\/grundschule-fasanenhof.de\/index.php?rest_route=\/wp\/v2\/pages\/40\/revisions"}],"predecessor-version":[{"id":5502,"href":"https:\/\/grundschule-fasanenhof.de\/index.php?rest_route=\/wp\/v2\/pages\/40\/revisions\/5502"}],"wp:attachment":[{"href":"https:\/\/grundschule-fasanenhof.de\/index.php?rest_route=%2Fwp%2Fv2%2Fmedia&parent=40"}],"curies":[{"name":"wp","href":"https:\/\/api.w.org\/{rel}","templated":true}]}}