{"id":36,"date":"2014-02-28T15:31:16","date_gmt":"2014-02-28T14:31:16","guid":{"rendered":"http:\/\/www.fasanenhofschule.de\/?page_id=36"},"modified":"2025-10-18T15:08:25","modified_gmt":"2025-10-18T15:08:25","slug":"schulleben","status":"publish","type":"page","link":"https:\/\/grundschule-fasanenhof.de\/?page_id=36","title":{"rendered":"Das sind wir:"},"content":{"rendered":"<p>Die Grundschule Fasanenhof ist eine Grundschule mit offenen Ganztagangeboten und der M\u00f6glichkeit zum Mittagessen. Aktuell werden 263 Sch\u00fclerInnen von LehrerInnen, ErzieherInnen und externen p\u00e4dagogischen MitarbeiterInnen sowie vielf\u00e4ltigen Kooperationspartnern unterrichtet und betreut.<\/p>\n<h3>Die Schule bietet:<\/h3>\n<ul>\n<li>ein gro\u00dfz\u00fcgiges Schulgeb\u00e4ude mit freundlichen Klassenzimmern und modern eingerichteten Fach- und Werkr\u00e4umen<\/li>\n<li>ansprechende Betreuungs- und Funktionsr\u00e4ume f\u00fcr die Nachmittagsbetreuung im Ganztag und Schulhort<\/li>\n<li>einen Schulhof zum Spielen und Entspannen<\/li>\n<li>einen Sportplatz und eine Turnhalle<\/li>\n<li>ein Bewegungsraun<\/li>\n<li>eine gro\u00dfe Aula mit B\u00fchne<\/li>\n<li>eine Schulk\u00fcche<\/li>\n<li>eine Bibliothek (mit Ausleihsystem) sowie eine kleine integrierte Spieliothek<\/li>\n<li>ein verl\u00e4ssliches Ganztagsangebot an bis zu 5 Tagen in der Woche und die M\u00f6glichkeit eines warmen Mittagessens<\/li>\n<\/ul>\n","protected":false},"excerpt":{"rendered":"<p>Die Grundschule Fasanenhof ist eine Grundschule mit offenen Ganztagangeboten und der M\u00f6glichkeit zum Mittagessen. Aktuell werden 263 Sch\u00fclerInnen von LehrerInnen, &hellip; <\/p>\n","protected":false},"author":1,"featured_media":3425,"parent":0,"menu_order":0,"comment_status":"closed","ping_status":"closed","template":"","meta":{"footnotes":""},"class_list":["post-36","page","type-page","status-publish","has-post-thumbnail","hentry"],"_links":{"self":[{"href":"https:\/\/grundschule-fasanenhof.de\/index.php?rest_route=\/wp\/v2\/pages\/36","targetHints":{"allow":["GET"]}}],"collection":[{"href":"https:\/\/grundschule-fasanenhof.de\/index.php?rest_route=\/wp\/v2\/pages"}],"about":[{"href":"https:\/\/grundschule-fasanenhof.de\/index.php?rest_route=\/wp\/v2\/types\/page"}],"author":[{"embeddable":true,"href":"https:\/\/grundschule-fasanenhof.de\/index.php?rest_route=\/wp\/v2\/users\/1"}],"replies":[{"embeddable":true,"href":"https:\/\/grundschule-fasanenhof.de\/index.php?rest_route=%2Fwp%2Fv2%2Fcomments&post=36"}],"version-history":[{"count":3,"href":"https:\/\/grundschule-fasanenhof.de\/index.php?rest_route=\/wp\/v2\/pages\/36\/revisions"}],"predecessor-version":[{"id":3426,"href":"https:\/\/grundschule-fasanenhof.de\/index.php?rest_route=\/wp\/v2\/pages\/36\/revisions\/3426"}],"wp:featuredmedia":[{"embeddable":true,"href":"https:\/\/grundschule-fasanenhof.de\/index.php?rest_route=\/wp\/v2\/media\/3425"}],"wp:attachment":[{"href":"https:\/\/grundschule-fasanenhof.de\/index.php?rest_route=%2Fwp%2Fv2%2Fmedia&parent=36"}],"curies":[{"name":"wp","href":"https:\/\/api.w.org\/{rel}","templated":true}]}}