{"id":345,"date":"2014-07-02T12:18:42","date_gmt":"2014-07-02T10:18:42","guid":{"rendered":"http:\/\/www.fasanenhofschule.de\/?page_id=345"},"modified":"2025-10-18T15:06:51","modified_gmt":"2025-10-18T15:06:51","slug":"ferienangebot","status":"publish","type":"page","link":"https:\/\/grundschule-fasanenhof.de\/?page_id=345","title":{"rendered":"Ferienangebot"},"content":{"rendered":"<p>Der Ferienplan des Schulhortes wird immer wieder neu nach den W\u00fcnschen und Bed\u00fcrfnissen der Kinder zusammengestellt und abwechslungsreich gestaltet. Neben sportlichen Angeboten finden regelm\u00e4\u00dfig\u00a0 Ausfl\u00fcge (z.B. Sababurg, Kino, Museen, Bugasee, etc.) und Spieletage statt.<\/p>\n<p>Um das Ferienprogrammm besser planen zu k\u00f6nnen, bitten wir Sie um eine R\u00fcckmeldung, wann Ihr Kind an den Angeboten teilnehmen m\u00f6chte.<\/p>\n<p>Sollten Sie in den jeweiligen Schlie\u00dfungszeiten einen Notdienst ben\u00f6tigen, m\u00fcssen Sie auch dies rechtzeitig mitteilen.<\/p>\n\n\n<h2 class=\"wp-block-heading\">Schlie\u00dfzeiten 2026<\/h2>\n\n\n\n<div data-wp-interactive=\"core\/file\" class=\"wp-block-file\"><object data-wp-bind--hidden=\"!state.hasPdfPreview\" hidden class=\"wp-block-file__embed\" data=\"https:\/\/grundschule-fasanenhof.de\/wp-content\/uploads\/2025\/10\/Schliesszeiten-2026.pdf\" type=\"application\/pdf\" style=\"width:100%;height:600px\" aria-label=\"Einbettung von Schlie\u00dfzeiten 2026.\"><\/object><a id=\"wp-block-file--media-90cfa36d-159f-4090-9b94-7c1ff1459781\" href=\"https:\/\/grundschule-fasanenhof.de\/wp-content\/uploads\/2025\/10\/Schliesszeiten-2026.pdf\">Schlie\u00dfzeiten 2026<\/a><a href=\"https:\/\/grundschule-fasanenhof.de\/wp-content\/uploads\/2025\/10\/Schliesszeiten-2026.pdf\" class=\"wp-block-file__button wp-element-button\" download aria-describedby=\"wp-block-file--media-90cfa36d-159f-4090-9b94-7c1ff1459781\">Herunterladen<\/a><\/div>\n\n\n\n<h2 class=\"wp-block-heading\">Betreuungszeiten in den Sommerferien an der FHS und Notdienstbeantragung<\/h2>\n\n\n\n<div data-wp-interactive=\"core\/file\" class=\"wp-block-file\"><object data-wp-bind--hidden=\"!state.hasPdfPreview\" hidden class=\"wp-block-file__embed\" data=\"https:\/\/grundschule-fasanenhof.de\/wp-content\/uploads\/2024\/07\/Elternbrief-Sommerferien-2024.pdf\" type=\"application\/pdf\" style=\"width:100%;height:600px\" aria-label=\"Einbettung von Elternbrief-Sommerferien-2024.\"><\/object><a id=\"wp-block-file--media-f53ffe5b-437d-4ec7-810d-8e54ecbdd64c\" href=\"https:\/\/grundschule-fasanenhof.de\/wp-content\/uploads\/2024\/07\/Elternbrief-Sommerferien-2024.pdf\">Elternbrief-Sommerferien-2024<\/a><a href=\"https:\/\/grundschule-fasanenhof.de\/wp-content\/uploads\/2024\/07\/Elternbrief-Sommerferien-2024.pdf\" class=\"wp-block-file__button wp-element-button\" download aria-describedby=\"wp-block-file--media-f53ffe5b-437d-4ec7-810d-8e54ecbdd64c\">Herunterladen<\/a><\/div>\n\n\n\n<h2 class=\"wp-block-heading\">Betreuung in den Sommerferien f\u00fcr neue Erstkl\u00e4ssler<\/h2>\n\n\n\n<div data-wp-interactive=\"core\/file\" class=\"wp-block-file\"><object data-wp-bind--hidden=\"!state.hasPdfPreview\" hidden class=\"wp-block-file__embed\" data=\"https:\/\/grundschule-fasanenhof.de\/wp-content\/uploads\/2024\/07\/Elternbrief-neue-Kinder-Sommer2024.pdf\" type=\"application\/pdf\" style=\"width:100%;height:600px\" aria-label=\"Einbettung von Elternbrief-neue-Kinder-Sommer2024.\"><\/object><a id=\"wp-block-file--media-53a5f8b9-d618-4a82-ad2f-3287bdca5c20\" href=\"https:\/\/grundschule-fasanenhof.de\/wp-content\/uploads\/2024\/07\/Elternbrief-neue-Kinder-Sommer2024.pdf\">Elternbrief-neue-Kinder-Sommer2024<\/a><a href=\"https:\/\/grundschule-fasanenhof.de\/wp-content\/uploads\/2024\/07\/Elternbrief-neue-Kinder-Sommer2024.pdf\" class=\"wp-block-file__button wp-element-button\" download aria-describedby=\"wp-block-file--media-53a5f8b9-d618-4a82-ad2f-3287bdca5c20\">Herunterladen<\/a><\/div>\n","protected":false},"excerpt":{"rendered":"<p>Der Ferienplan des Schulhortes wird immer wieder neu nach den W\u00fcnschen und Bed\u00fcrfnissen der Kinder zusammengestellt und abwechslungsreich gestaltet. Neben &hellip; <\/p>\n","protected":false},"author":1,"featured_media":0,"parent":0,"menu_order":0,"comment_status":"closed","ping_status":"closed","template":"","meta":{"footnotes":""},"class_list":["post-345","page","type-page","status-publish","hentry"],"_links":{"self":[{"href":"https:\/\/grundschule-fasanenhof.de\/index.php?rest_route=\/wp\/v2\/pages\/345","targetHints":{"allow":["GET"]}}],"collection":[{"href":"https:\/\/grundschule-fasanenhof.de\/index.php?rest_route=\/wp\/v2\/pages"}],"about":[{"href":"https:\/\/grundschule-fasanenhof.de\/index.php?rest_route=\/wp\/v2\/types\/page"}],"author":[{"embeddable":true,"href":"https:\/\/grundschule-fasanenhof.de\/index.php?rest_route=\/wp\/v2\/users\/1"}],"replies":[{"embeddable":true,"href":"https:\/\/grundschule-fasanenhof.de\/index.php?rest_route=%2Fwp%2Fv2%2Fcomments&post=345"}],"version-history":[{"count":9,"href":"https:\/\/grundschule-fasanenhof.de\/index.php?rest_route=\/wp\/v2\/pages\/345\/revisions"}],"predecessor-version":[{"id":5145,"href":"https:\/\/grundschule-fasanenhof.de\/index.php?rest_route=\/wp\/v2\/pages\/345\/revisions\/5145"}],"wp:attachment":[{"href":"https:\/\/grundschule-fasanenhof.de\/index.php?rest_route=%2Fwp%2Fv2%2Fmedia&parent=345"}],"curies":[{"name":"wp","href":"https:\/\/api.w.org\/{rel}","templated":true}]}}