{"id":28,"date":"2014-02-28T00:05:29","date_gmt":"2014-02-27T23:05:29","guid":{"rendered":"http:\/\/www.fasanenhofschule.de\/?page_id=28"},"modified":"2014-02-28T00:05:29","modified_gmt":"2014-02-27T23:05:29","slug":"datenschutzerklaerung","status":"publish","type":"page","link":"https:\/\/grundschule-fasanenhof.de\/?page_id=28","title":{"rendered":"Datenschutzerkl\u00e4rung"},"content":{"rendered":"<p>1. Einleitung und Grundlagen<\/p>\n<p>Diese Datenschutzerkl\u00e4rung gilt f\u00fcr unser (<a href=\"http:\/\/www.fasanenhofschule.de\/kontakt-impressum\/\">wir: siehe Impressum<\/a>) Online-Angebot unter fasanenhofschule.de (folgend: Website). Der verantwortliche Anbieter (Schule) dieser Website ist unter <a href=\"http:\/\/www.fasanenhofschule.de\/kontakt-impressum\/\">Impressum<\/a> genannt. Die Schulleitung ist stellvertretend Ansprechpartner, ggf. auch delegierend innerhalb des staatlichen Schulsystems, als Datenschutzbeauftragter sowie f\u00fcr die Datenverarbeitung Verantwortlicher im Sinne der Datenschutz-Grundverordnung, sonstiger in den Mitgliedstaaten der Europ\u00e4ischen Union geltenden Datenschutzgesetze und anderer Bestimmungen mit datenschutzrechtlichem Charakter.<\/p>\n<p>Eine Nutzung der Website ist grunds\u00e4tzlich ohne jede Angabe personenbezogener Daten mit vereinzelten Einschr\u00e4nkungen m\u00f6glich. Sofern eine Person besondere Dienste dieser Website in Anspruch nehmen m\u00f6chte, kann jedoch eine Verarbeitung personenbezogener Daten erforderlich werden. Ist die Verarbeitung personenbezogener Daten erforderlich und besteht f\u00fcr eine solche Verarbeitung keine gesetzliche Grundlage, holen wir eine Einwilligung der betroffenen Person ein.<\/p>\n<p>Die Verarbeitung personenbezogener Daten, beispielsweise des Namens, der Anschrift, E-Mail- Adresse oder Telefonnummer einer betroffenen Person, erfolgt stets im Einklang mit der Datenschutz-Grundverordnung und in \u00dcbereinstimmung mit den f\u00fcr uns geltenden landesspezifischen Datenschutzbestimmungen. Mit dieser Datenschutzerkl\u00e4rung informieren wir \u00fcber Art, Umfang und Zweck der von uns erhobenen, genutzten und verarbeiteten personenbezogenen Daten und wir kl\u00e4ren betroffene Personen \u00fcber die ihnen zustehenden Rechte auf.<\/p>\n<p>Wir bem\u00fchen uns um einen m\u00f6glichst l\u00fcckenlosen Schutz der \u00fcber diese Website verarbeiteten personenbezogenen Daten. Dennoch k\u00f6nnen Internet basierte Daten\u00fcbertragungen grunds\u00e4tzlich Sicherheitsl\u00fccken aufweisen, so dass ein absoluter Schutz zu keinem Zeitpunkt gew\u00e4hrleistet werden kann. Aus diesem Grund steht es jeder betroffenen Person frei, personenbezogene Daten auch auf alternativen Wegen an uns zu \u00fcbermitteln oder dies g\u00e4nzlich zu unterlassen.<\/p>\n<p>Wir verzichten ausdr\u00fccklich auf eine automatische Entscheidungsfindung oder ein Profiling, weiterer Regelungen und Erkl\u00e4rungen hierzu bedarf es daher nicht.<\/p>\n<p>2. Wichtige Begriffe<\/p>\n<p>Diese Datenschutzerkl\u00e4rung beruht auf den Begrifflichkeiten, die durch den Europ\u00e4ischen Richtlinien- und Verordnungsgeber beim Erlass der Datenschutz-Grundverordnung (folgend auch: DS-GVO) verwendet wurden. Wir verwenden unter anderem folgende Begriffe:<\/p>\n<p>a) personenbezogene Daten<\/p>\n<p>Personenbezogene Daten sind alle Informationen, die sich auf eine identifizierte oder identifizierbare nat\u00fcrliche Person (folgend: betroffene Person) beziehen. Dies ist eine Person, die direkt oder indirekt, insbesondere durch Zuordnung einer Kennung wie einem Namen, einer Kennnummer, von Standortdaten oder einem oder mehreren besonderen Merkmalen, die Ausdruck der physischen, physiologischen, genetischen, psychischen, wirtschaftlichen, kulturellen oder sozialen Identit\u00e4t dieser nat\u00fcrlichen Person sind, identifiziert werden kann.<\/p>\n<p>b) Verarbeitung<\/p>\n<p>Verarbeitung ist jeder mit oder ohne Hilfe automatisierter Verfahren ausgef\u00fchrte Vorgang oder jede solche Vorgangsreihe im Zusammenhang mit personenbezogenen Daten wie das Erheben, das Erfassen, die Organisation, die Speicherung, die Anpassung\/Ver\u00e4nderung, das Auslesen, die Offenlegung durch \u00dcbermittlung, Verbreitung oder eine andere Form der Bereitstellung, den Abgleich oder die Verkn\u00fcpfung oder die Einschr\u00e4nkung\/L\u00f6schung\/Vernichtung.<\/p>\n<p>c) Verantwortlicher oder f\u00fcr die Verarbeitung Verantwortlicher<\/p>\n<p>Verantwortlicher oder f\u00fcr die Verarbeitung Verantwortlicher ist die nat\u00fcrliche oder juristische Person, Beh\u00f6rde, Einrichtung oder andere Stelle, die allein oder gemeinsam mit anderen \u00fcber die Zwecke und Mittel der Verarbeitung von personenbezogenen Daten entscheidet. Sind die Zwecke und Mittel dieser Verarbeitung durch das Unionsrecht oder das Recht der Mitgliedstaaten vorgegeben, so kann der Verantwortliche beziehungsweise k\u00f6nnen die bestimmten Kriterien seiner Benennung nach dem Unionsrecht oder dem Recht der Mitgliedstaaten vorgesehen werden.<\/p>\n<p>d) Empf\u00e4nger<\/p>\n<p>Empf\u00e4nger ist eine nat\u00fcrliche oder juristische Person, Beh\u00f6rde, Einrichtung oder andere Stelle, der personenbezogene Daten offengelegt werden, unabh\u00e4ngig davon, ob es sich bei ihr um einen Dritten handelt oder nicht. Beh\u00f6rden, die im Rahmen eines bestimmten Untersuchungsauftrags nach dem Unionsrecht oder dem Recht der Mitgliedstaaten m\u00f6glicherweise personenbezogene Daten erhalten, gelten jedoch nicht als Empf\u00e4nger.<\/p>\n<p>e) Dritter<\/p>\n<p>Dritter ist eine nat\u00fcrliche oder juristische Person, Beh\u00f6rde, Einrichtung oder andere Stelle au\u00dfer der betroffenen Person, dem Verantwortlichen, dem Auftragsverarbeiter und den Personen, die unter der unmittelbaren Verantwortung des Verantwortlichen oder des Auftragsverarbeiters befugt sind, die personenbezogenen Daten zu verarbeiten.<\/p>\n<p>3. Cookies<\/p>\n<p>Unsere Website verwendet Cookies: Textdateien, die \u00fcber einen Internetbrowser auf einem Computersystem erzeugt und gespeichert werden. Sie enthalten in der Regel eine eindeutige Kennung, durch die Websites und Server dem konkreten Internetbrowser zugeordnet werden k\u00f6nnen, in dem das Cookie gespeichert wurde. Dies erm\u00f6glicht es den besuchten Websites und Servern, den individuellen Browser der betroffenen Person zu erkennen \u2013 ein bestimmter Internetbrowser kann \u00fcber die eindeutige Kennung identifiziert werden. Mit Hilfe von Cookies k\u00f6nnen die Informationen und Angebote auf unserer Website f\u00fcr eine bessere Benutzbarkeit optimiert werden.<\/p>\n<p>Die betroffene Person kann die Speicherung von Cookies jederzeit durch eine entsprechende Einstellung f\u00fcr g\u00e4ngige Internetbrowser dauerhaft verhindern. Bereits gesetzte Cookies k\u00f6nnen jederzeit \u00fcber einen Internetbrowser oder andere Softwareprogramme gel\u00f6scht werden. Deaktiviert die betroffene Person die Setzung von Cookies in dem genutzten Internetbrowser, sind unter Umst\u00e4nden nicht alle Funktionen unserer Website vollumf\u00e4nglich nutzbar. Dies betrifft vor allem Formulare zur Kontaktaufnahme oder mit Passwort gesch\u00fctzte Bereiche der Website.<\/p>\n<p>4. Erfassung von allgemeinen Daten und Informationen<\/p>\n<p>Unsere Website erfasst mit jedem Aufruf durch eine betroffene Person oder ein automatisiertes System eine Reihe von allgemeinen Daten und Informationen, die in Protokollen\/Logfiles des Servers gespeichert werden. Erfasst werden k\u00f6nnen die (1) verwendeten Browsertypen und Versionen, (2) das vom zugreifenden System verwendete Betriebssystem, (3) die Internetadresse,\u00a0von welcher ein zugreifendes System auf unsere Website gelangt (sogenannte Referrer), (4) die Unterseiten, welche \u00fcber ein zugreifendes System auf unserer Website angesteuert werden, (5) das Datum und die Uhrzeit eines Zugriffs auf die Website, (6) eine Internet-Protokoll-Adresse (IP- Adresse), (7) der Internet-Service-Provider des zugreifenden Systems und (8) sonstige \u00e4hnliche Daten und Informationen, die der Gefahrenabwehr im Falle von Angriffen auf unsere informationstechnologischen Systeme dienen.<\/p>\n<p>Bei der Nutzung dieser allgemeinen Daten und Informationen ziehen wir keine R\u00fcckschl\u00fcsse auf die betroffene Person. Diese Informationen werden vielmehr ben\u00f6tigt, um (1) die Inhalte unserer Website korrekt auszuliefern, (2) die Inhalte unserer Website zu optimieren, (3) die dauerhafte Funktionsf\u00e4higkeit unserer informationstechnologischen Systeme und der Technik unserer Website zu gew\u00e4hrleisten sowie (4) um Strafverfolgungsbeh\u00f6rden im Falle eines Cyberangriffes die zur Strafverfolgung notwendigen Informationen bereitzustellen. Diese anonym erhobenen Daten und Informationen werden durch uns daher einerseits statistisch und ferner mit dem Ziel ausgewertet, den Datenschutz und die Datensicherheit bei uns zu erh\u00f6hen. Die anonymen Daten der Server- Protokolle werden getrennt von allen durch eine betroffene Person angegebenen personenbezogenen Daten gespeichert.<\/p>\n<p>5. Kontaktm\u00f6glichkeit \u00fcber die Website<\/p>\n<p>Unsere Website enth\u00e4lt aufgrund von gesetzlichen Vorschriften Angaben, die eine schnelle elektronische Kontaktaufnahme zu uns sowie eine unmittelbare Kommunikation mit uns erm\u00f6glichen, was ebenfalls eine allgemeine E-Mail-Adresse umfasst. Sofern eine betroffene Person per E-Mail oder \u00fcber das Kontaktformular Kontakt mit uns aufnimmt, werden die von der betroffenen Person \u00fcbermittelten personenbezogenen Daten automatisch gespeichert. Solche auf freiwilliger Basis von einer betroffenen Person an uns \u00fcbermittelte personenbezogene Daten werden f\u00fcr Zwecke der Bearbeitung oder der Kontaktaufnahme zur betroffenen Person gespeichert. Es erfolgt keine Weitergabe dieser Daten an Dritte.<\/p>\n<p>6. Routinem\u00e4\u00dfige L\u00f6schung und Sperrung von personenbezogenen Daten<\/p>\n<p>Wir verarbeiten und speichern personenbezogene Daten der betroffenen Person nur f\u00fcr den Zeitraum, der zur Erreichung des Speicherungszwecks erforderlich ist oder sofern dies durch den Europ\u00e4ischen Richtlinien- und Verordnungsgeber oder einen anderen Gesetzgeber in Gesetzen oder Vorschriften, welchen der f\u00fcr die Verarbeitung Verantwortliche unterliegt, vorgesehen wurde. Entf\u00e4llt der Speicherungszweck oder l\u00e4uft eine vorgeschriebene Speicherfrist ab, werden die personenbezogenen Daten entsprechend den gesetzlichen Vorschriften gesperrt oder gel\u00f6scht.<\/p>\n<p>7. Rechte der betroffenen Person<\/p>\n<p>Jede von der Verarbeitung personenbezogener Daten betroffene Person hat verschiedene vom Europ\u00e4ischen Richtlinien- und Verordnungsgeber gew\u00e4hrte Rechte, f\u00fcr deren Beanspruchung sie sich jederzeit an unseren Datenschutzbeauftragten oder einen anderen Mitarbeiter wenden kann:<\/p>\n<p>a) Recht auf Best\u00e4tigung<\/p>\n<p>Jede betroffene Person hat das Recht, von uns eine Best\u00e4tigung dar\u00fcber zu verlangen, ob sie betreffende personenbezogene Daten verarbeitet werden.<\/p>\n<p>b) Recht auf Auskunft<\/p>\n<p>Jede betroffene Person hat das Recht, jederzeit von uns unentgeltliche Auskunft \u00fcber die zu seiner Person gespeicherten personenbezogenen Daten und eine Kopie dieser Auskunft zu erhalten. Ferner wird der betroffenen Person Auskunft \u00fcber folgende Informationen zugestanden:<br \/>\n&#8211; die Verarbeitungszwecke,<br \/>\n&#8211; die Kategorien personenbezogener Daten, die verarbeitet werden,<br \/>\n&#8211; die Empf\u00e4nger oder Kategorien von Empf\u00e4ngern, gegen\u00fcber denen die personenbezogenen Daten offengelegt worden sind oder noch offengelegt werden, insbesondere bei Empf\u00e4ngern in Drittl\u00e4ndern oder bei internationalen Organisationen,<br \/>\n&#8211; falls m\u00f6glich die geplante Dauer, f\u00fcr die die personenbezogenen Daten gespeichert werden, oder, falls dies nicht m\u00f6glich ist, die Kriterien f\u00fcr die Festlegung dieser Dauer,<br \/>\n&#8211; das Bestehen eines Rechts auf Berichtigung oder L\u00f6schung der sie betreffenden personenbezogenen Daten oder auf Einschr\u00e4nkung der Verarbeitung durch den Verantwortlichen oder eines Widerspruchsrechts gegen diese Verarbeitung,<br \/>\n&#8211; das Bestehen eines Beschwerderechts bei einer Aufsichtsbeh\u00f6rde,<br \/>\n&#8211; wenn die personenbezogenen Daten nicht bei der betroffenen Person erhoben werden: Alle verf\u00fcgbaren Informationen \u00fcber die Herkunft der Daten,<br \/>\n&#8211; das Bestehen einer automatisierten Entscheidungsfindung einschlie\u00dflich Profiling gem\u00e4\u00df Artikel 22 Abs.1 und 4 DS-GVO und \u2013 zumindest in diesen F\u00e4llen \u2013 aussagekr\u00e4ftige Informationen \u00fcber die involvierte Logik sowie die Tragweite und die angestrebten Auswirkungen einer derartigen Verarbeitung f\u00fcr die betroffene Person.<br \/>\nFerner steht der betroffenen Person ein Auskunftsrecht dar\u00fcber zu, ob personenbezogene Daten an ein Drittland oder an eine internationale Organisation \u00fcbermittelt wurden. Sofern dies der Fall ist, so steht der betroffenen Person im \u00dcbrigen das Recht zu, Auskunft \u00fcber die geeigneten Garantien im Zusammenhang mit der \u00dcbermittlung zu erhalten.<\/p>\n<p>c) Recht auf Berichtigung<\/p>\n<p>Jede betroffene Person hat das Recht, die unverz\u00fcgliche Berichtigung sie betreffender unrichtiger personenbezogener Daten zu verlangen. Ferner steht der betroffenen Person das Recht zu, unter Ber\u00fccksichtigung der Zwecke der Verarbeitung, die Vervollst\u00e4ndigung unvollst\u00e4ndiger personenbezogener Daten \u2013 auch mittels einer erg\u00e4nzenden Erkl\u00e4rung \u2013 zu verlangen.<\/p>\n<p>d) Recht auf L\u00f6schung (\u201eRecht auf Vergessen werden\u201c)<\/p>\n<p>Jede betroffene Person hat das Recht, von dem Verantwortlichen zu verlangen, dass die sie betreffenden personenbezogenen Daten unverz\u00fcglich gel\u00f6scht werden, sofern einer der folgenden Gr\u00fcnde zutrifft und soweit die Verarbeitung nicht erforderlich ist:<br \/>\n&#8211; Die personenbezogenen Daten wurden f\u00fcr solche Zwecke erhoben oder auf sonstige Weise verarbeitet, f\u00fcr welche sie nicht mehr notwendig sind.<br \/>\n&#8211; Die betroffene Person widerruft ihre Einwilligung, auf die sich die Verarbeitung st\u00fctzte, und es fehlt an einer anderweitigen Rechtsgrundlage f\u00fcr die Verarbeitung.<br \/>\n&#8211; Die betroffene Person legt Widerspruch gegen die Verarbeitung ein, und es liegen keine vorrangigen berechtigten Gr\u00fcnde f\u00fcr die Verarbeitung vor.<br \/>\n&#8211; Die personenbezogenen Daten wurden unrechtm\u00e4\u00dfig verarbeitet.<br \/>\n&#8211; Die L\u00f6schung der personenbezogenen Daten ist zur Erf\u00fcllung einer rechtlichen Verpflichtung nach dem Unionsrecht oder dem Recht der Mitgliedstaaten erforderlich, dem der Verantwortliche unterliegt.<br \/>\n&#8211; Die personenbezogenen Daten wurden in Bezug auf angebotene Dienste der Informationsgesellschaft gem\u00e4\u00df Art. 8 Abs. 1 DS-GVO erhoben.<br \/>\nSofern einer der oben genannten Gr\u00fcnde zutrifft und eine betroffene Person die L\u00f6schung von personenbezogenen Daten, die bei uns gespeichert sind, veranlassen m\u00f6chte, kann sie sich hierzu jederzeit an unseren Datenschutzbeauftragten oder einen anderen Mitarbeiter wenden. Wurden die personenbezogenen Daten von uns \u00f6ffentlich gemacht und sind wir als Verantwortlicher zur L\u00f6schung der personenbezogenen Daten verpflichtet, so treffen wir unter Ber\u00fccksichtigung der\u00a0verf\u00fcgbaren Technologie und der Implementierungskosten angemessene Ma\u00dfnahmen, auch technischer Art, um andere f\u00fcr die Datenverarbeitung Verantwortliche, welche die ver\u00f6ffentlichten personenbezogenen Daten verarbeiten, dar\u00fcber in Kenntnis zu setzen, dass die betroffene Person von diesen anderen f\u00fcr die Datenverarbeitung Verantwortlichen die L\u00f6schung s\u00e4mtlicher Links zu diesen personenbezogenen Daten oder von Kopien oder Replikationen dieser personenbezogenen Daten verlangt hat, soweit die Verarbeitung nicht erforderlich ist.<\/p>\n<p>e) Recht auf Einschr\u00e4nkung der Verarbeitung<\/p>\n<p>Jede betroffene Person hat das Recht, von uns die Einschr\u00e4nkung der Verarbeitung zu verlangen, wenn eine der folgenden Voraussetzungen gegeben ist:<br \/>\n&#8211; Die Richtigkeit der personenbezogenen Daten wird von der betroffenen Person bestritten, und zwar f\u00fcr eine Dauer, die es dem Verantwortlichen erm\u00f6glicht, die Richtigkeit der personenbezogenen Daten zu \u00fcberpr\u00fcfen.<br \/>\n&#8211; Die Verarbeitung ist unrechtm\u00e4\u00dfig, die betroffene Person lehnt die L\u00f6schung der personenbezogenen Daten ab und verlangt stattdessen die Einschr\u00e4nkung der Nutzung der personenbezogenen Daten.<br \/>\n&#8211; Der Verantwortliche ben\u00f6tigt die personenbezogenen Daten f\u00fcr die Zwecke der Verarbeitung nicht l\u00e4nger, die betroffene Person ben\u00f6tigt sie jedoch zur Geltendmachung, Aus\u00fcbung oder Verteidigung von Rechtsanspr\u00fcchen.<br \/>\n&#8211; Die betroffene Person hat Widerspruch gegen die Verarbeitung eingelegt und es steht noch nicht fest, ob die berechtigten Gr\u00fcnde des Verantwortlichen gegen\u00fcber denen der betroffenen Person \u00fcberwiegen.<\/p>\n<p>f) Recht auf Daten\u00fcbertragbarkeit<\/p>\n<p>Jede betroffene Person hat das Recht, die sie betreffenden personenbezogenen Daten, welche durch die betroffene Person einem Verantwortlichen bereitgestellt wurden, in einem strukturierten, g\u00e4ngigen und maschinenlesbaren Format zu erhalten. Sie hat au\u00dferdem das Recht, diese Daten einem anderen Verantwortlichen ohne Behinderung durch den Verantwortlichen zu \u00fcbermitteln, sofern die Verarbeitung mithilfe automatisierter Verfahren erfolgt und sofern die Verarbeitung nicht f\u00fcr die Wahrnehmung einer Aufgabe erforderlich ist, die im \u00f6ffentlichen Interesse liegt oder in Aus\u00fcbung \u00f6ffentlicher Gewalt erfolgt, welche dem Verantwortlichen \u00fcbertragen wurde. Ferner hat die betroffene Person das Recht zu erwirken, dass die personenbezogenen Daten direkt von einem Verantwortlichen an einen anderen Verantwortlichen \u00fcbermittelt werden, soweit dies technisch machbar ist und sofern hiervon nicht die Rechte und Freiheiten anderer Personen beeintr\u00e4chtigt werden.<\/p>\n<p>g) Recht auf Widerspruch<\/p>\n<p>Jede betroffene Person hat das Recht, aus Gr\u00fcnden, die sich aus ihrer besonderen Situation ergeben, jederzeit gegen die Verarbeitung sie betreffender personenbezogener Daten Widerspruch einzulegen. Wir verarbeiten die personenbezogenen Daten im Falle des Widerspruchs nicht mehr, es sei denn, wir k\u00f6nnen zwingende schutzw\u00fcrdige Gr\u00fcnde f\u00fcr die Verarbeitung nachweisen, die den Interessen, Rechten und Freiheiten der betroffenen Person \u00fcberwiegen, oder die Verarbeitung dient der Geltendmachung, Aus\u00fcbung oder Verteidigung von Rechtsanspr\u00fcchen. Verarbeiten wir personenbezogene Daten, um Direktwerbung zu betreiben, so hat die betroffene Person auch das Recht, jederzeit Widerspruch gegen die Verarbeitung der personenbezogenen Daten zum Zwecke derartiger Werbung einzulegen. Zudem hat die betroffene Person das Recht, aus Gr\u00fcnden, die sich aus ihrer besonderen Situation ergeben, gegen die sie betreffende Verarbeitung personenbezogener Daten, die bei uns zu wissenschaftlichen oder historischen Forschungszwecken oder zu statistischen Zwecken erfolgen, Widerspruch einzulegen, es sei denn, eine solche Verarbeitung ist zur Erf\u00fcllung einer im \u00f6ffentlichen Interesse liegenden Aufgabe erforderlich. Der betroffenen Person steht es ferner frei, im Zusammenhang mit der Nutzung von Diensten der Informationsgesellschaft,\u00a0ungeachtet der Richtlinie 2002\/58\/EG, ihr Widerspruchsrecht mittels automatisierter Verfahren auszu\u00fcben, bei denen technische Spezifikationen verwendet werden.<\/p>\n<p>h) Recht auf Widerruf einer datenschutzrechtlichen Einwilligung<\/p>\n<p>Jede betroffene Person hat das Recht, eine Einwilligung zur Verarbeitung personenbezogener Daten jederzeit zu widerrufen.<\/p>\n<p>8. (entf\u00e4llt)<\/p>\n<p>9. Externe Schriften (Google Fonts)<\/p>\n<p>Auf diesen Internetseiten werden extern gespeicherte Schriften vom Dienst Google Fonts verwendet, der ein Dienst der Google Inc. (folgend: Google) ist. Die Einbindung dieser Schriften erfolgt durch Aufrufe von Google-Servern, in der Regel in den USA. Hierdurch werden dieselben Daten wie unter 4. beschrieben an Google gesendet. Diese Daten werden laut Google nicht mit anderen Google-Diensten verkn\u00fcpft, n\u00e4here Informationen finden Sie \u2192\u00a0<a href=\"https:\/\/policies.google.com\/privacy?hl=de\" target=\"_blank\" rel=\"noopener noreferrer\">in den Datenschutzhinweisen (Privacy Policy) von Google<\/a>.<\/p>\n<p>10. Berechtigte Interessen an der Verarbeitung, die von dem Verantwortlichen oder einem Dritten verfolgt werden<\/p>\n<p>Basiert die Verarbeitung personenbezogener Daten auf Artikel 6 I lit. f DS-GVO ist unser berechtigtes Interesse die Durchf\u00fchrung unserer Gesch\u00e4ftst\u00e4tigkeit zugunsten des Wohlergehens all unserer Mitarbeiter und unserer Anteilseigner.<\/p>\n<p>11. Dauer, f\u00fcr die die personenbezogenen Daten gespeichert werden<\/p>\n<p>Das Kriterium f\u00fcr die Dauer der Speicherung von personenbezogenen Daten ist die jeweilige gesetzliche Aufbewahrungsfrist. Nach Ablauf der Frist werden die entsprechenden Daten gel\u00f6scht, sofern sie nicht mehr zur Vertragserf\u00fcllung oder Vertragsanbahnung erforderlich sind oder sofern sie nicht Bestandteil von archivierten Datenbest\u00e4nden (Backup) sind, auf die kein regul\u00e4rer Zugriff besteht und somit eine Datennutzung ausgeschlossen ist.<\/p>\n<p>12. Gesetzliche oder vertragliche Vorschriften zur Bereitstellung der personenbezogenen Daten; Erforderlichkeit f\u00fcr den Vertragsabschluss; Verpflichtung der betroffenen Person, die personenbezogenen Daten bereitzustellen; m\u00f6gliche Folgen der Nichtbereitstellung<\/p>\n<p>Wir kl\u00e4ren Sie dar\u00fcber auf, dass die Bereitstellung personenbezogener Daten zum Teil gesetzlich vorgeschrieben ist (z. B. Steuervorschriften) oder sich auch aus vertraglichen Regelungen (z. B. Angaben zum Vertragspartner) ergeben kann. Mitunter kann es zu einem Vertragsschluss erforderlich sein, dass eine betroffene Person uns personenbezogene Daten zur Verf\u00fcgung stellt, die in der Folge durch uns verarbeitet werden m\u00fcssen. Wir kl\u00e4ren den Betroffenen auf Anfrage dar\u00fcber auf, ob die Bereitstellung der personenbezogenen Daten gesetzlich oder vertraglich vorgeschrieben oder f\u00fcr den Vertragsabschluss erforderlich ist, ob eine Verpflichtung besteht, die personenbezogenen Daten bereitzustellen, und welche Folgen die Nichtbereitstellung der personenbezogenen Daten h\u00e4tte.<\/p>\n","protected":false},"excerpt":{"rendered":"<p>1. Einleitung und Grundlagen Diese Datenschutzerkl\u00e4rung gilt f\u00fcr unser (wir: siehe Impressum) Online-Angebot unter fasanenhofschule.de (folgend: Website). Der verantwortliche Anbieter &hellip; <\/p>\n","protected":false},"author":1,"featured_media":0,"parent":0,"menu_order":0,"comment_status":"closed","ping_status":"closed","template":"","meta":{"footnotes":""},"class_list":["post-28","page","type-page","status-publish","hentry"],"_links":{"self":[{"href":"https:\/\/grundschule-fasanenhof.de\/index.php?rest_route=\/wp\/v2\/pages\/28","targetHints":{"allow":["GET"]}}],"collection":[{"href":"https:\/\/grundschule-fasanenhof.de\/index.php?rest_route=\/wp\/v2\/pages"}],"about":[{"href":"https:\/\/grundschule-fasanenhof.de\/index.php?rest_route=\/wp\/v2\/types\/page"}],"author":[{"embeddable":true,"href":"https:\/\/grundschule-fasanenhof.de\/index.php?rest_route=\/wp\/v2\/users\/1"}],"replies":[{"embeddable":true,"href":"https:\/\/grundschule-fasanenhof.de\/index.php?rest_route=%2Fwp%2Fv2%2Fcomments&post=28"}],"version-history":[{"count":0,"href":"https:\/\/grundschule-fasanenhof.de\/index.php?rest_route=\/wp\/v2\/pages\/28\/revisions"}],"wp:attachment":[{"href":"https:\/\/grundschule-fasanenhof.de\/index.php?rest_route=%2Fwp%2Fv2%2Fmedia&parent=28"}],"curies":[{"name":"wp","href":"https:\/\/api.w.org\/{rel}","templated":true}]}}