{"id":2721,"date":"2022-10-04T07:10:55","date_gmt":"2022-10-04T07:10:55","guid":{"rendered":"https:\/\/grundschule-fasanenhof.de\/?page_id=2721"},"modified":"2026-04-22T14:37:35","modified_gmt":"2026-04-22T14:37:35","slug":"aktuelles","status":"publish","type":"page","link":"https:\/\/grundschule-fasanenhof.de\/?page_id=2721","title":{"rendered":"Aktuelles"},"content":{"rendered":"\n<h2 class=\"wp-block-heading\">Elterncafe am 27.04.2026<\/h2>\n\n\n\n<div data-wp-interactive=\"core\/file\" class=\"wp-block-file\"><object data-wp-bind--hidden=\"!state.hasPdfPreview\" hidden class=\"wp-block-file__embed\" data=\"https:\/\/grundschule-fasanenhof.de\/wp-content\/uploads\/2026\/04\/Elterncafe-27.04.26.pdf\" type=\"application\/pdf\" style=\"width:100%;height:600px\" aria-label=\"Einbettung von Elterncaf\u00e9 27.04.26.\"><\/object><a id=\"wp-block-file--media-d9ba7e6e-cb3b-44cb-b958-896e0f8af12c\" href=\"https:\/\/grundschule-fasanenhof.de\/wp-content\/uploads\/2026\/04\/Elterncafe-27.04.26.pdf\">Elterncaf\u00e9 27.04.26<\/a><a href=\"https:\/\/grundschule-fasanenhof.de\/wp-content\/uploads\/2026\/04\/Elterncafe-27.04.26.pdf\" class=\"wp-block-file__button wp-element-button\" download aria-describedby=\"wp-block-file--media-d9ba7e6e-cb3b-44cb-b958-896e0f8af12c\">Herunterladen<\/a><\/div>\n\n\n\n<h2 class=\"wp-block-heading\">Unsere Schule f\u00fcr Menschen in Not<\/h2>\n\n\n\n<figure class=\"wp-block-image size-large\"><img loading=\"lazy\" decoding=\"async\" width=\"724\" height=\"1024\" src=\"https:\/\/grundschule-fasanenhof.de\/wp-content\/uploads\/2026\/02\/Urkunde-Soziales-Engagement-1-724x1024.jpg\" alt=\"\" class=\"wp-image-5373\" srcset=\"https:\/\/grundschule-fasanenhof.de\/wp-content\/uploads\/2026\/02\/Urkunde-Soziales-Engagement-1-724x1024.jpg 724w, https:\/\/grundschule-fasanenhof.de\/wp-content\/uploads\/2026\/02\/Urkunde-Soziales-Engagement-1-212x300.jpg 212w, https:\/\/grundschule-fasanenhof.de\/wp-content\/uploads\/2026\/02\/Urkunde-Soziales-Engagement-1-768x1086.jpg 768w, https:\/\/grundschule-fasanenhof.de\/wp-content\/uploads\/2026\/02\/Urkunde-Soziales-Engagement-1-1087x1536.jpg 1087w, https:\/\/grundschule-fasanenhof.de\/wp-content\/uploads\/2026\/02\/Urkunde-Soziales-Engagement-1-1449x2048.jpg 1449w, https:\/\/grundschule-fasanenhof.de\/wp-content\/uploads\/2026\/02\/Urkunde-Soziales-Engagement-1-scaled.jpg 1811w\" sizes=\"auto, (max-width: 724px) 100vw, 724px\" \/><\/figure>\n\n\n\n<h2 class=\"wp-block-heading\">Wir haben gute Laune am Rosenmontag<\/h2>\n\n\n\n<div class=\"wp-block-file\"><a id=\"wp-block-file--media-92575711-8e02-4305-b9b9-c9e0f3fde6ed\" href=\"https:\/\/grundschule-fasanenhof.de\/wp-content\/uploads\/2026\/02\/IMG_1812.mov\">IMG_1812<\/a><a href=\"https:\/\/grundschule-fasanenhof.de\/wp-content\/uploads\/2026\/02\/IMG_1812.mov\" class=\"wp-block-file__button wp-element-button\" download aria-describedby=\"wp-block-file--media-92575711-8e02-4305-b9b9-c9e0f3fde6ed\">Herunterladen<\/a><\/div>\n\n\n\n<h2 class=\"wp-block-heading\"><\/h2>\n\n\n\n<p><\/p>\n\n\n\n<h2 class=\"wp-block-heading\">Termine im 2. Schulhalbjahr<\/h2>\n\n\n\n<div data-wp-interactive=\"core\/file\" class=\"wp-block-file\"><object data-wp-bind--hidden=\"!state.hasPdfPreview\" hidden class=\"wp-block-file__embed\" data=\"https:\/\/grundschule-fasanenhof.de\/wp-content\/uploads\/2026\/01\/Termine-bis-zu-den-Sommerferien.pdf\" type=\"application\/pdf\" style=\"width:100%;height:600px\" aria-label=\"Einbettung von Termine bis zu den Sommerferien.\"><\/object><a id=\"wp-block-file--media-67cce3ed-993b-4d43-a663-4852a371d70d\" href=\"https:\/\/grundschule-fasanenhof.de\/wp-content\/uploads\/2026\/01\/Termine-bis-zu-den-Sommerferien.pdf\">Termine bis zu den Sommerferien<\/a><a href=\"https:\/\/grundschule-fasanenhof.de\/wp-content\/uploads\/2026\/01\/Termine-bis-zu-den-Sommerferien.pdf\" class=\"wp-block-file__button wp-element-button\" download aria-describedby=\"wp-block-file--media-67cce3ed-993b-4d43-a663-4852a371d70d\">Herunterladen<\/a><\/div>\n\n\n\n<h2 class=\"wp-block-heading\">Unsere flinken Sprinter<\/h2>\n\n\n\n<figure class=\"wp-block-image size-large\"><img loading=\"lazy\" decoding=\"async\" width=\"1024\" height=\"724\" src=\"https:\/\/grundschule-fasanenhof.de\/wp-content\/uploads\/2025\/11\/Kindersprint-Siegerliste-1-1024x724.jpg\" alt=\"\" class=\"wp-image-5187\" srcset=\"https:\/\/grundschule-fasanenhof.de\/wp-content\/uploads\/2025\/11\/Kindersprint-Siegerliste-1-1024x724.jpg 1024w, https:\/\/grundschule-fasanenhof.de\/wp-content\/uploads\/2025\/11\/Kindersprint-Siegerliste-1-300x212.jpg 300w, https:\/\/grundschule-fasanenhof.de\/wp-content\/uploads\/2025\/11\/Kindersprint-Siegerliste-1-768x543.jpg 768w, https:\/\/grundschule-fasanenhof.de\/wp-content\/uploads\/2025\/11\/Kindersprint-Siegerliste-1-1536x1087.jpg 1536w, https:\/\/grundschule-fasanenhof.de\/wp-content\/uploads\/2025\/11\/Kindersprint-Siegerliste-1-2048x1449.jpg 2048w\" sizes=\"auto, (max-width: 1024px) 100vw, 1024px\" \/><\/figure>\n\n\n\n<h2 class=\"wp-block-heading\">Neue Ausr\u00fcstung f\u00fcr unsere kompetenten Streitschlichter<\/h2>\n\n\n\n<p>An der Fasanenhofschule helfen die von Frau Schilling ausgebildeten Streitschlichter-Sch\u00fcler in der Pause bei der L\u00f6sung von Konflikten. F\u00fcr diesen wichtigen und verantwortungsvollen Job haben sie jetzt neue tolle Westen erhalten!<\/p>\n\n\n\n<figure class=\"wp-block-image size-large\"><img loading=\"lazy\" decoding=\"async\" width=\"1024\" height=\"765\" src=\"https:\/\/grundschule-fasanenhof.de\/wp-content\/uploads\/2025\/10\/IMG_7828-1024x765.jpg\" alt=\"\" class=\"wp-image-5174\" srcset=\"https:\/\/grundschule-fasanenhof.de\/wp-content\/uploads\/2025\/10\/IMG_7828-1024x765.jpg 1024w, https:\/\/grundschule-fasanenhof.de\/wp-content\/uploads\/2025\/10\/IMG_7828-300x224.jpg 300w, https:\/\/grundschule-fasanenhof.de\/wp-content\/uploads\/2025\/10\/IMG_7828-768x574.jpg 768w, https:\/\/grundschule-fasanenhof.de\/wp-content\/uploads\/2025\/10\/IMG_7828-1536x1148.jpg 1536w, https:\/\/grundschule-fasanenhof.de\/wp-content\/uploads\/2025\/10\/IMG_7828-2048x1531.jpg 2048w\" sizes=\"auto, (max-width: 1024px) 100vw, 1024px\" \/><\/figure>\n\n\n\n<h2 class=\"wp-block-heading\">Theater im November 2025: Ausblick auf das St\u00fcck &#8222;Der M\u00fcllartist&#8220;<\/h2>\n\n\n\n<figure class=\"wp-block-embed is-type-wp-embed is-provider-theater-monteure wp-block-embed-theater-monteure\"><div class=\"wp-block-embed__wrapper\">\n<blockquote class=\"wp-embedded-content\" data-secret=\"kAypsziG7M\"><a href=\"https:\/\/www.theater-monteure.de\/der-muellartist\/\">der m\u00fcllartist<\/a><\/blockquote><iframe loading=\"lazy\" class=\"wp-embedded-content\" sandbox=\"allow-scripts\" security=\"restricted\" style=\"position: absolute; visibility: hidden;\" title=\"&#8222;der m\u00fcllartist&#8220; &#8211; theater monteure\" src=\"https:\/\/www.theater-monteure.de\/der-muellartist\/embed\/#?secret=nZv7mIaf0j#?secret=kAypsziG7M\" data-secret=\"kAypsziG7M\" width=\"600\" height=\"338\" frameborder=\"0\" marginwidth=\"0\" marginheight=\"0\" scrolling=\"no\"><\/iframe>\n<\/div><\/figure>\n\n\n\n<h2 class=\"wp-block-heading\"><\/h2>\n\n\n\n<h2 class=\"wp-block-heading\">Wir schonen die Umwelt und lassen das Auto einmal stehen<\/h2>\n\n\n\n<figure class=\"wp-block-image size-large\"><img loading=\"lazy\" decoding=\"async\" width=\"976\" height=\"1024\" src=\"https:\/\/grundschule-fasanenhof.de\/wp-content\/uploads\/2025\/09\/IMG-20250915-WA0001-976x1024.jpg\" alt=\"\" class=\"wp-image-5077\" srcset=\"https:\/\/grundschule-fasanenhof.de\/wp-content\/uploads\/2025\/09\/IMG-20250915-WA0001-976x1024.jpg 976w, https:\/\/grundschule-fasanenhof.de\/wp-content\/uploads\/2025\/09\/IMG-20250915-WA0001-286x300.jpg 286w, https:\/\/grundschule-fasanenhof.de\/wp-content\/uploads\/2025\/09\/IMG-20250915-WA0001-768x806.jpg 768w, https:\/\/grundschule-fasanenhof.de\/wp-content\/uploads\/2025\/09\/IMG-20250915-WA0001.jpg 1179w\" sizes=\"auto, (max-width: 976px) 100vw, 976px\" \/><\/figure>\n\n\n\n<div data-wp-interactive=\"core\/file\" class=\"wp-block-file\"><object data-wp-bind--hidden=\"!state.hasPdfPreview\" hidden class=\"wp-block-file__embed\" data=\"https:\/\/grundschule-fasanenhof.de\/wp-content\/uploads\/2025\/09\/Elternbrief-Zu-Fuss-zur-Schule.pdf\" type=\"application\/pdf\" style=\"width:100%;height:600px\" aria-label=\"Einbettung von Elternbrief Zu Fu\u00df zur Schule.\"><\/object><a id=\"wp-block-file--media-6559e6e5-ac8a-4089-816b-6c6f5374f213\" href=\"https:\/\/grundschule-fasanenhof.de\/wp-content\/uploads\/2025\/09\/Elternbrief-Zu-Fuss-zur-Schule.pdf\">Elternbrief Zu Fu\u00df zur Schule<\/a><a href=\"https:\/\/grundschule-fasanenhof.de\/wp-content\/uploads\/2025\/09\/Elternbrief-Zu-Fuss-zur-Schule.pdf\" class=\"wp-block-file__button wp-element-button\" download aria-describedby=\"wp-block-file--media-6559e6e5-ac8a-4089-816b-6c6f5374f213\">Herunterladen<\/a><\/div>\n\n\n\n<h2 class=\"wp-block-heading\">Informationen zum Start des neuen Schuljahrs<\/h2>\n\n\n\n<div data-wp-interactive=\"core\/file\" class=\"wp-block-file\"><object data-wp-bind--hidden=\"!state.hasPdfPreview\" hidden class=\"wp-block-file__embed\" data=\"https:\/\/grundschule-fasanenhof.de\/wp-content\/uploads\/2025\/09\/I-Start-Schuljahr.pdf\" type=\"application\/pdf\" style=\"width:100%;height:600px\" aria-label=\"Einbettung von I Start Schuljahr.\"><\/object><a id=\"wp-block-file--media-34ea4eb9-e047-4564-9c24-f460d335cf4f\" href=\"https:\/\/grundschule-fasanenhof.de\/wp-content\/uploads\/2025\/09\/I-Start-Schuljahr.pdf\">I Start Schuljahr<\/a><a href=\"https:\/\/grundschule-fasanenhof.de\/wp-content\/uploads\/2025\/09\/I-Start-Schuljahr.pdf\" class=\"wp-block-file__button wp-element-button\" download aria-describedby=\"wp-block-file--media-34ea4eb9-e047-4564-9c24-f460d335cf4f\">Herunterladen<\/a><\/div>\n\n\n\n<h2 class=\"wp-block-heading\">Schulaktion zur Werte- und Demokratiebildung am 29.08.2025<\/h2>\n\n\n\n<p>Unsere Schule setzt sich t\u00e4glich f\u00fcr Respekt, ein friedliches Miteinander und die Umsetzung demokratischer Grundwerte ein. Deshalb war es uns besonders wichtig, an der Initiative f\u00fcr Werte- und Demokratiebildung teilzunehmen. Am 29.08.25 f\u00fchrten wir in Zusammenarbeit mit der Jugendfeuerwehr Kassel einen Aktionstag durch. Jede Klasse besch\u00e4ftigte sich individuell mit dem Thema \u201eWerte und Demokratie\u201c. So arbeiteten die verschiedenen Lerngruppen beispielsweise zur Bedeutung des Buchs \u201eAls die Raben noch bunt waren\u201c, erfuhren mehr \u00fcber die \u201eGoldene Regel\u201c oder \u00fcbten sich im Rahmen einer gewaltfreien Kommunikation in der \u201eGiraffensprache\u201c. Ein besonderer Dank gilt in diesem Zusammenhang Herrn Stephan Seibel von der Freiwilligen Feuerwehr Kassel. Er unterst\u00fctzte die Klasse 3a und brachte den Kindern unter dem Motto \u201eJugendfeuerwehr ist WERTvoll\u201c die Bedeutung und Werte der Jugendfeuerwehr Kassel n\u00e4her und kam mit den Kindern \u00fcber deren pers\u00f6nliche Werte ins Gespr\u00e4ch.<\/p>\n\n\n\n<figure class=\"wp-block-image size-large\"><img loading=\"lazy\" decoding=\"async\" width=\"724\" height=\"1024\" src=\"https:\/\/grundschule-fasanenhof.de\/wp-content\/uploads\/2022\/09\/Aktionstag-724x1024.jpg\" alt=\"\" class=\"wp-image-5034\" srcset=\"https:\/\/grundschule-fasanenhof.de\/wp-content\/uploads\/2022\/09\/Aktionstag-724x1024.jpg 724w, https:\/\/grundschule-fasanenhof.de\/wp-content\/uploads\/2022\/09\/Aktionstag-212x300.jpg 212w, https:\/\/grundschule-fasanenhof.de\/wp-content\/uploads\/2022\/09\/Aktionstag-768x1086.jpg 768w, https:\/\/grundschule-fasanenhof.de\/wp-content\/uploads\/2022\/09\/Aktionstag-1086x1536.jpg 1086w, https:\/\/grundschule-fasanenhof.de\/wp-content\/uploads\/2022\/09\/Aktionstag-1448x2048.jpg 1448w, https:\/\/grundschule-fasanenhof.de\/wp-content\/uploads\/2022\/09\/Aktionstag-scaled.jpg 1811w\" sizes=\"auto, (max-width: 724px) 100vw, 724px\" \/><\/figure>\n\n\n\n<h2 class=\"wp-block-heading\"><\/h2>\n\n\n\n<h2 class=\"wp-block-heading\">Spende an \u201eHessen hilft\u201c und Unterst\u00fctzung f\u00fcr krebskranke Kinder<\/h2>\n\n\n\n<p>14. Mai 2025<\/p>\n\n\n\n<p>Liebe Eltern der Fasanenhofschule!                                                           <\/p>\n\n\n\n<p>Der letztj\u00e4hrige Weihnachtsbasar der Fasanenhofschule war ein voller Erfolg: Dank des gro\u00dfen Engagements der Sch\u00fclerinnen und Sch\u00fcler, Eltern sowie des Kollegiums konnten insgesamt 1.022 Euro an Spenden gesammelt werden.<\/p>\n\n\n\n<p>Die Spendensumme wurde zu gleichen Teilen aufgeteilt:<br>Eine H\u00e4lfte \u2013 511 Euro \u2013 ging an die Organisation <strong>\u201eDie kleinen Riesen\u201c<\/strong>, die sich liebevoll um schwerkranke und krebskranke Kinder k\u00fcmmert.<br>Die andere H\u00e4lfte wurde nun an die Initiative <strong>\u201eHessen hilft\u201c<\/strong> \u00fcbergeben, um gezielt Projekte zur Unterst\u00fctzung von Kindern in der Ukraine zu f\u00f6rdern.<\/p>\n\n\n\n<p>Wir danken allen Beteiligten herzlich f\u00fcr ihren Einsatz und ihre Gro\u00dfz\u00fcgigkeit!<\/p>\n\n\n\n<p>Liebe Gr\u00fc\u00dfe,<br>Nico Schrader<\/p>\n\n\n\n<h2 class=\"wp-block-heading\">Dankschreiben der Organisation &#8222;Kleine Riesen&#8220; f\u00fcr die Spende durch die Schulgemeinschaft der Fasanenhofschule<\/h2>\n\n\n\n<div data-wp-interactive=\"core\/file\" class=\"wp-block-file\"><object data-wp-bind--hidden=\"!state.hasPdfPreview\" hidden class=\"wp-block-file__embed\" data=\"https:\/\/grundschule-fasanenhof.de\/wp-content\/uploads\/2025\/04\/Spende.pdf\" type=\"application\/pdf\" style=\"width:100%;height:600px\" aria-label=\"Einbettung von Spende.\"><\/object><a id=\"wp-block-file--media-dc86413f-006b-43f7-8e61-09ea5171c8f6\" href=\"https:\/\/grundschule-fasanenhof.de\/wp-content\/uploads\/2025\/04\/Spende.pdf\">Spende<\/a><a href=\"https:\/\/grundschule-fasanenhof.de\/wp-content\/uploads\/2025\/04\/Spende.pdf\" class=\"wp-block-file__button wp-element-button\" download aria-describedby=\"wp-block-file--media-dc86413f-006b-43f7-8e61-09ea5171c8f6\">Herunterladen<\/a><\/div>\n\n\n\n<p><\/p>\n\n\n\n<h2 class=\"wp-block-heading\">Unterst\u00fctzung f\u00fcr den F\u00f6rderverein<\/h2>\n\n\n\n<div data-wp-interactive=\"core\/file\" class=\"wp-block-file\"><object data-wp-bind--hidden=\"!state.hasPdfPreview\" hidden class=\"wp-block-file__embed\" data=\"https:\/\/grundschule-fasanenhof.de\/wp-content\/uploads\/2025\/09\/Flyer_FoeV_FHS-5.pdf\" type=\"application\/pdf\" style=\"width:100%;height:600px\" aria-label=\"Einbettung von Flyer_F\u00f6V_FHS.\"><\/object><a id=\"wp-block-file--media-f2c1de61-811d-486b-9344-04deda8013c4\" href=\"https:\/\/grundschule-fasanenhof.de\/wp-content\/uploads\/2025\/09\/Flyer_FoeV_FHS-5.pdf\">Flyer_F\u00f6V_FHS<\/a><a href=\"https:\/\/grundschule-fasanenhof.de\/wp-content\/uploads\/2025\/09\/Flyer_FoeV_FHS-5.pdf\" class=\"wp-block-file__button wp-element-button\" download aria-describedby=\"wp-block-file--media-f2c1de61-811d-486b-9344-04deda8013c4\">Herunterladen<\/a><\/div>\n\n\n\n<h2 class=\"wp-block-heading\">Termine im zweiten Halbjahr<\/h2>\n\n\n\n<div data-wp-interactive=\"core\/file\" class=\"wp-block-file\"><object data-wp-bind--hidden=\"!state.hasPdfPreview\" hidden class=\"wp-block-file__embed\" data=\"https:\/\/grundschule-fasanenhof.de\/wp-content\/uploads\/2025\/02\/Termine-bis-zu-den-Sommerferien.pdf\" type=\"application\/pdf\" style=\"width:100%;height:600px\" aria-label=\"Einbettung von Termine bis zu den Sommerferien.\"><\/object><a id=\"wp-block-file--media-09aa02da-c8df-4d69-b6fd-99ec1846b6c2\" href=\"https:\/\/grundschule-fasanenhof.de\/wp-content\/uploads\/2025\/02\/Termine-bis-zu-den-Sommerferien.pdf\">Termine bis zu den Sommerferien<\/a><a href=\"https:\/\/grundschule-fasanenhof.de\/wp-content\/uploads\/2025\/02\/Termine-bis-zu-den-Sommerferien.pdf\" class=\"wp-block-file__button wp-element-button\" download aria-describedby=\"wp-block-file--media-09aa02da-c8df-4d69-b6fd-99ec1846b6c2\">Herunterladen<\/a><\/div>\n\n\n\n<h2 class=\"wp-block-heading\">Wir sind Internet ABC-Schule<\/h2>\n\n\n\n<div data-wp-interactive=\"core\/file\" class=\"wp-block-file\"><object data-wp-bind--hidden=\"!state.hasPdfPreview\" hidden class=\"wp-block-file__embed\" data=\"https:\/\/grundschule-fasanenhof.de\/wp-content\/uploads\/2025\/01\/Urkunde-Internet-ABC.pdf\" type=\"application\/pdf\" style=\"width:100%;height:600px\" aria-label=\"Einbettung von Urkunde Internet ABC.\"><\/object><a id=\"wp-block-file--media-4acf55fc-60bf-47d4-8f9a-115bde91c2ff\" href=\"https:\/\/grundschule-fasanenhof.de\/wp-content\/uploads\/2025\/01\/Urkunde-Internet-ABC.pdf\">Urkunde Internet ABC<\/a><a href=\"https:\/\/grundschule-fasanenhof.de\/wp-content\/uploads\/2025\/01\/Urkunde-Internet-ABC.pdf\" class=\"wp-block-file__button wp-element-button\" download aria-describedby=\"wp-block-file--media-4acf55fc-60bf-47d4-8f9a-115bde91c2ff\">Herunterladen<\/a><\/div>\n\n\n\n<h2 class=\"wp-block-heading\">AG Angebote<\/h2>\n\n\n\n<div data-wp-interactive=\"core\/file\" class=\"wp-block-file\"><object data-wp-bind--hidden=\"!state.hasPdfPreview\" hidden class=\"wp-block-file__embed\" data=\"https:\/\/grundschule-fasanenhof.de\/wp-content\/uploads\/2024\/11\/Anschreiben-Eltern-GT-Angebote.pdf\" type=\"application\/pdf\" style=\"width:100%;height:600px\" aria-label=\"Einbettung von Anschreiben Eltern GT Angebote.\"><\/object><a id=\"wp-block-file--media-1f8b66b4-d8ad-4bff-9139-20a7cc5e245a\" href=\"https:\/\/grundschule-fasanenhof.de\/wp-content\/uploads\/2024\/11\/Anschreiben-Eltern-GT-Angebote.pdf\">Anschreiben Eltern GT Angebote<\/a><a href=\"https:\/\/grundschule-fasanenhof.de\/wp-content\/uploads\/2024\/11\/Anschreiben-Eltern-GT-Angebote.pdf\" class=\"wp-block-file__button wp-element-button\" download aria-describedby=\"wp-block-file--media-1f8b66b4-d8ad-4bff-9139-20a7cc5e245a\">Herunterladen<\/a><\/div>\n\n\n\n<h2 class=\"wp-block-heading\">Schlie\u00dfzeiten des Horts 2025<\/h2>\n\n\n\n<div data-wp-interactive=\"core\/file\" class=\"wp-block-file\"><object data-wp-bind--hidden=\"!state.hasPdfPreview\" hidden class=\"wp-block-file__embed\" data=\"https:\/\/grundschule-fasanenhof.de\/wp-content\/uploads\/2024\/10\/Schliesszeiten-2025.pdf\" type=\"application\/pdf\" style=\"width:100%;height:600px\" aria-label=\"Einbettung von Schlie\u00dfzeiten 2025.\"><\/object><a id=\"wp-block-file--media-cbb96636-5916-4801-8ec3-3de914e1ad81\" href=\"https:\/\/grundschule-fasanenhof.de\/wp-content\/uploads\/2024\/10\/Schliesszeiten-2025.pdf\">Schlie\u00dfzeiten 2025<\/a><a href=\"https:\/\/grundschule-fasanenhof.de\/wp-content\/uploads\/2024\/10\/Schliesszeiten-2025.pdf\" class=\"wp-block-file__button wp-element-button\" download aria-describedby=\"wp-block-file--media-cbb96636-5916-4801-8ec3-3de914e1ad81\">Herunterladen<\/a><\/div>\n\n\n\n<h2 class=\"wp-block-heading\"><\/h2>\n\n\n\n<h2 class=\"wp-block-heading\"><\/h2>\n\n\n\n<h2 class=\"wp-block-heading\"><\/h2>\n","protected":false},"excerpt":{"rendered":"<p>Elterncafe am 27.04.2026 Unsere Schule f\u00fcr Menschen in Not Wir haben gute Laune am Rosenmontag Termine im 2. Schulhalbjahr Unsere &hellip; <\/p>\n","protected":false},"author":1,"featured_media":0,"parent":0,"menu_order":0,"comment_status":"closed","ping_status":"closed","template":"","meta":{"footnotes":""},"class_list":["post-2721","page","type-page","status-publish","hentry"],"_links":{"self":[{"href":"https:\/\/grundschule-fasanenhof.de\/index.php?rest_route=\/wp\/v2\/pages\/2721","targetHints":{"allow":["GET"]}}],"collection":[{"href":"https:\/\/grundschule-fasanenhof.de\/index.php?rest_route=\/wp\/v2\/pages"}],"about":[{"href":"https:\/\/grundschule-fasanenhof.de\/index.php?rest_route=\/wp\/v2\/types\/page"}],"author":[{"embeddable":true,"href":"https:\/\/grundschule-fasanenhof.de\/index.php?rest_route=\/wp\/v2\/users\/1"}],"replies":[{"embeddable":true,"href":"https:\/\/grundschule-fasanenhof.de\/index.php?rest_route=%2Fwp%2Fv2%2Fcomments&post=2721"}],"version-history":[{"count":206,"href":"https:\/\/grundschule-fasanenhof.de\/index.php?rest_route=\/wp\/v2\/pages\/2721\/revisions"}],"predecessor-version":[{"id":5489,"href":"https:\/\/grundschule-fasanenhof.de\/index.php?rest_route=\/wp\/v2\/pages\/2721\/revisions\/5489"}],"wp:attachment":[{"href":"https:\/\/grundschule-fasanenhof.de\/index.php?rest_route=%2Fwp%2Fv2%2Fmedia&parent=2721"}],"curies":[{"name":"wp","href":"https:\/\/api.w.org\/{rel}","templated":true}]}}